{"id":37,"date":"2015-07-17T20:00:10","date_gmt":"2015-07-17T18:00:10","guid":{"rendered":"https:\/\/labovilleurbanne.fr\/blog\/?page_id=37"},"modified":"2023-07-19T15:54:15","modified_gmt":"2023-07-19T13:54:15","slug":"qui","status":"publish","type":"page","link":"https:\/\/labovilleurbanne.fr\/blog\/qui\/","title":{"rendered":"Qui sommes nous&nbsp;?"},"content":{"rendered":"\n<figure class=\"wp-block-image size-full\" id=\"qui\"><img decoding=\"async\" loading=\"lazy\" width=\"1920\" height=\"904\" src=\"https:\/\/labovilleurbanne.fr\/blog\/wp-content\/uploads\/2023\/02\/Banderolle_MOD.png\" alt=\"\" class=\"wp-image-1059\" title=\"Qui sommes nous&nbsp;?\" srcset=\"https:\/\/labovilleurbanne.fr\/blog\/wp-content\/uploads\/2023\/02\/Banderolle_MOD.png 1920w, https:\/\/labovilleurbanne.fr\/blog\/wp-content\/uploads\/2023\/02\/Banderolle_MOD-700x330.png 700w, https:\/\/labovilleurbanne.fr\/blog\/wp-content\/uploads\/2023\/02\/Banderolle_MOD-1024x482.png 1024w, https:\/\/labovilleurbanne.fr\/blog\/wp-content\/uploads\/2023\/02\/Banderolle_MOD-768x362.png 768w, https:\/\/labovilleurbanne.fr\/blog\/wp-content\/uploads\/2023\/02\/Banderolle_MOD-1536x723.png 1536w, https:\/\/labovilleurbanne.fr\/blog\/wp-content\/uploads\/2023\/02\/Banderolle_MOD-1200x565.png 1200w\" sizes=\"(max-width: 709px) 85vw, (max-width: 909px) 67vw, (max-width: 1362px) 62vw, 840px\" \/><\/figure>\n\n\n\n<div style=\"height:4.75em\" aria-hidden=\"true\" class=\"wp-block-spacer\"><\/div>\n\n\n\n<div class=\"is-layout-constrained wp-block-group has-background\" style=\"background-color:#f0ece6\"><div class=\"wp-block-group__inner-container\">\n<h1 class=\"has-text-align-left\">Les objectifs de notre association<\/h1>\n\n\n\n<div class=\"is-layout-flex wp-container-5 wp-block-columns\">\n<div class=\"is-layout-flow wp-block-column\">\n<figure class=\"wp-block-image size-thumbnail\"><img decoding=\"async\" loading=\"lazy\" width=\"400\" height=\"400\" src=\"https:\/\/labovilleurbanne.fr\/blog\/wp-content\/uploads\/2023\/06\/LOV_LOC_Musique__Moyen-400x400.jpg\" alt=\"\" class=\"wp-image-1527\"\/><\/figure>\n\n\n\n<h2>Lieu de vie<\/h2>\n\n\n\n<p>Offrir aux membres du LOV un espace de travail et des ressources communes, destin\u00e9s \u00e0 la r\u00e9alisation de projets collectifs ayant une composante scientifique ou technologique<\/p>\n<\/div>\n\n\n\n<div class=\"is-layout-flow wp-block-column\">\n<figure class=\"wp-block-image size-thumbnail\"><img decoding=\"async\" loading=\"lazy\" width=\"400\" height=\"400\" src=\"https:\/\/labovilleurbanne.fr\/blog\/wp-content\/uploads\/2018\/11\/imprimante3d-13oct-1-400x400.jpg\" alt=\"\" class=\"wp-image-423\"\/><\/figure>\n\n\n\n<h2>Transmettre<\/h2>\n\n\n\n<p>Favoriser la transmission des savoirs et des savoir-faires scientifiques et technologiques, notamment en publiant le travail des participants sur les projets effectu\u00e9s dans le cadre de l\u2019association<\/p>\n<\/div>\n\n\n\n<div class=\"is-layout-flow wp-block-column\">\n<figure class=\"wp-block-image size-thumbnail\"><img decoding=\"async\" loading=\"lazy\" width=\"400\" height=\"400\" src=\"https:\/\/labovilleurbanne.fr\/blog\/wp-content\/uploads\/2023\/06\/LOV_EVEN_Agir1-400x400.jpg\" alt=\"\" class=\"wp-image-1543\"\/><\/figure>\n\n\n\n<h2>Agir<\/h2>\n\n\n\n<p>Agir pour la promotion des sciences et technologies aupr\u00e8s du grand public en organisant et en participant \u00e0 des \u00e9v\u00e9nements<\/p>\n<\/div>\n<\/div>\n<\/div><\/div>\n\n\n\n<div style=\"height:2em\" aria-hidden=\"true\" class=\"wp-block-spacer\"><\/div>\n\n\n\n<div class=\"is-layout-constrained wp-block-group has-background\" style=\"background-color:#eaeaf1\"><div class=\"wp-block-group__inner-container\">\n<h1 class=\"has-text-align-left\">Nos principes fondamentaux<\/h1>\n\n\n\n<div class=\"is-layout-flex wp-container-11 wp-block-columns\">\n<div class=\"is-layout-flow wp-block-column\">\n<figure class=\"wp-block-image size-thumbnail\"><img decoding=\"async\" loading=\"lazy\" width=\"400\" height=\"400\" src=\"https:\/\/labovilleurbanne.fr\/blog\/wp-content\/uploads\/2018\/11\/IMG_20181108_211600-400x400.jpg\" alt=\"\" class=\"wp-image-432\" srcset=\"https:\/\/labovilleurbanne.fr\/blog\/wp-content\/uploads\/2018\/11\/IMG_20181108_211600-400x400.jpg 400w, https:\/\/labovilleurbanne.fr\/blog\/wp-content\/uploads\/2018\/11\/IMG_20181108_211600-700x700.jpg 700w, https:\/\/labovilleurbanne.fr\/blog\/wp-content\/uploads\/2018\/11\/IMG_20181108_211600-1024x1024.jpg 1024w, https:\/\/labovilleurbanne.fr\/blog\/wp-content\/uploads\/2018\/11\/IMG_20181108_211600-768x768.jpg 768w, https:\/\/labovilleurbanne.fr\/blog\/wp-content\/uploads\/2018\/11\/IMG_20181108_211600-1536x1536.jpg 1536w, https:\/\/labovilleurbanne.fr\/blog\/wp-content\/uploads\/2018\/11\/IMG_20181108_211600-2048x2048.jpg 2048w, https:\/\/labovilleurbanne.fr\/blog\/wp-content\/uploads\/2018\/11\/IMG_20181108_211600-1200x1200.jpg 1200w\" sizes=\"(max-width: 400px) 85vw, 400px\" \/><\/figure>\n\n\n\n<h2>R\u00e9aliser<\/h2>\n\n\n\n<p>Mettre l\u2019accent sur la r\u00e9alisation, pour produire des r\u00e9sultats autour desquels discuter<\/p>\n<\/div>\n\n\n\n<div class=\"is-layout-flow wp-block-column\">\n<figure class=\"wp-block-image size-thumbnail\"><img decoding=\"async\" src=\"https:\/\/labovilleurbanne.fr\/blog\/wp-content\/uploads\/2023\/06\/EtabliPhoto_26-400x400.jpg\" alt=\"\" class=\"wp-image-1594\"\/><\/figure>\n\n\n\n<h2>Produire<\/h2>\n\n\n\n<p>Accorder de l\u2019importance \u00e0 l\u2019enrichissement des comp\u00e9tences utiles pour les futurs r\u00e9alisations et d\u2019\u00eatre ouvert aux autres<\/p>\n<\/div>\n\n\n\n<div class=\"is-layout-flow wp-block-column\">\n<figure class=\"wp-block-image size-thumbnail\"><img decoding=\"async\" src=\"https:\/\/labovilleurbanne.fr\/blog\/wp-content\/uploads\/2023\/06\/EtabliPhoto_47-400x400.jpg\" alt=\"\" class=\"wp-image-1615\"\/><\/figure>\n\n\n\n<h2>Approfondir<\/h2>\n\n\n\n<p>Proposer des ateliers de d\u00e9couverte et d\u2019approfondissement<\/p>\n<\/div>\n\n\n\n<div class=\"is-layout-flow wp-block-column\">\n<figure class=\"wp-block-image size-thumbnail\"><img decoding=\"async\" loading=\"lazy\" width=\"400\" height=\"400\" src=\"https:\/\/labovilleurbanne.fr\/blog\/wp-content\/uploads\/2023\/06\/LOV_COM_Libre-400x400.jpg\" alt=\"\" class=\"wp-image-1565\" srcset=\"https:\/\/labovilleurbanne.fr\/blog\/wp-content\/uploads\/2023\/06\/LOV_COM_Libre-400x400.jpg 400w, https:\/\/labovilleurbanne.fr\/blog\/wp-content\/uploads\/2023\/06\/LOV_COM_Libre-700x700.jpg 700w, https:\/\/labovilleurbanne.fr\/blog\/wp-content\/uploads\/2023\/06\/LOV_COM_Libre-1024x1024.jpg 1024w, https:\/\/labovilleurbanne.fr\/blog\/wp-content\/uploads\/2023\/06\/LOV_COM_Libre-768x768.jpg 768w, https:\/\/labovilleurbanne.fr\/blog\/wp-content\/uploads\/2023\/06\/LOV_COM_Libre.jpg 1200w\" sizes=\"(max-width: 400px) 85vw, 400px\" \/><\/figure>\n\n\n\n<h2>Open-source<\/h2>\n\n\n\n<p>Privil\u00e9gier les pratiques du libre pour les diff\u00e9rentes ressources et r\u00e9alisations cr\u00e9\u00e9s dans le cadre de projets<\/p>\n<\/div>\n<\/div>\n<\/div><\/div>\n\n\n\n<div style=\"height:2em\" aria-hidden=\"true\" class=\"wp-block-spacer\"><\/div>\n\n\n\n<div class=\"is-layout-constrained wp-block-group has-background\" style=\"background-color:#f0ece6\"><div class=\"wp-block-group__inner-container\">\n<h1>Notre laboratoire ouvert<\/h1>\n\n\n\n<div class=\"is-layout-flex wp-container-21 wp-block-columns\">\n<div class=\"is-layout-flow wp-block-column\" style=\"flex-basis:66.66%\">\n<div class=\"is-layout-constrained wp-block-group\"><div class=\"wp-block-group__inner-container\">\n<h2>Un espace convivial&#8230;<\/h2>\n\n\n\n<figure class=\"wp-block-image size-full\"><img decoding=\"async\" loading=\"lazy\" width=\"595\" height=\"842\" src=\"https:\/\/labovilleurbanne.fr\/blog\/wp-content\/uploads\/2023\/02\/Structure_plan_3d.png\" alt=\"\" class=\"wp-image-559\" srcset=\"https:\/\/labovilleurbanne.fr\/blog\/wp-content\/uploads\/2023\/02\/Structure_plan_3d.png 595w, https:\/\/labovilleurbanne.fr\/blog\/wp-content\/uploads\/2023\/02\/Structure_plan_3d-495x700.png 495w\" sizes=\"(max-width: 595px) 85vw, 595px\" \/><\/figure>\n<\/div><\/div>\n\n\n\n<div class=\"is-layout-flex wp-container-16 wp-block-columns\">\n<div class=\"is-layout-flow wp-block-column\">\n<p>mis \u00e0 disposition par&nbsp;:<\/p>\n<\/div>\n\n\n\n<div class=\"is-layout-flow wp-block-column\">\n<figure class=\"wp-block-image size-full is-resized\"><img decoding=\"async\" src=\"https:\/\/labovilleurbanne.fr\/blog\/wp-content\/uploads\/2023\/02\/logo-villeurbanne.png\" alt=\"\" class=\"wp-image-1148\" width=\"200\"\/><figcaption class=\"wp-element-caption\">La Ville de Villeurbanne<\/figcaption><\/figure>\n<\/div>\n<\/div>\n<\/div>\n\n\n\n<div class=\"is-layout-flow wp-block-column\" style=\"flex-basis:33.33%\">\n<h2 class=\"has-text-align-right\">&#8230;am\u00e9nag\u00e9 par les adh\u00e9rents<\/h2>\n\n\n\n<figure class=\"wp-duotone-unset-18 wp-block-image size-large\"><img decoding=\"async\" loading=\"lazy\" width=\"1024\" height=\"732\" src=\"https:\/\/labovilleurbanne.fr\/blog\/wp-content\/uploads\/2017\/04\/P1030805-1024x732.jpg\" alt=\"\" class=\"wp-image-209\" srcset=\"https:\/\/labovilleurbanne.fr\/blog\/wp-content\/uploads\/2017\/04\/P1030805-1024x732.jpg 1024w, https:\/\/labovilleurbanne.fr\/blog\/wp-content\/uploads\/2017\/04\/P1030805-700x501.jpg 700w, https:\/\/labovilleurbanne.fr\/blog\/wp-content\/uploads\/2017\/04\/P1030805-768x549.jpg 768w, https:\/\/labovilleurbanne.fr\/blog\/wp-content\/uploads\/2017\/04\/P1030805-1536x1098.jpg 1536w, https:\/\/labovilleurbanne.fr\/blog\/wp-content\/uploads\/2017\/04\/P1030805-2048x1464.jpg 2048w, https:\/\/labovilleurbanne.fr\/blog\/wp-content\/uploads\/2017\/04\/P1030805-1200x858.jpg 1200w\" sizes=\"(max-width: 709px) 85vw, (max-width: 909px) 67vw, (max-width: 1362px) 62vw, 840px\" \/><\/figure>\n\n\n\n<figure class=\"wp-duotone-unset-19 wp-block-image size-large\"><img decoding=\"async\" loading=\"lazy\" width=\"1024\" height=\"768\" src=\"https:\/\/labovilleurbanne.fr\/blog\/wp-content\/uploads\/2023\/02\/Mise-a-nue-de-linstallation-electrique-edited-1-1024x768.jpg\" alt=\"\" class=\"wp-image-1024\" srcset=\"https:\/\/labovilleurbanne.fr\/blog\/wp-content\/uploads\/2023\/02\/Mise-a-nue-de-linstallation-electrique-edited-1-1024x768.jpg 1024w, https:\/\/labovilleurbanne.fr\/blog\/wp-content\/uploads\/2023\/02\/Mise-a-nue-de-linstallation-electrique-edited-1-700x525.jpg 700w, https:\/\/labovilleurbanne.fr\/blog\/wp-content\/uploads\/2023\/02\/Mise-a-nue-de-linstallation-electrique-edited-1-768x576.jpg 768w, https:\/\/labovilleurbanne.fr\/blog\/wp-content\/uploads\/2023\/02\/Mise-a-nue-de-linstallation-electrique-edited-1-1536x1152.jpg 1536w, https:\/\/labovilleurbanne.fr\/blog\/wp-content\/uploads\/2023\/02\/Mise-a-nue-de-linstallation-electrique-edited-1-2048x1536.jpg 2048w, https:\/\/labovilleurbanne.fr\/blog\/wp-content\/uploads\/2023\/02\/Mise-a-nue-de-linstallation-electrique-edited-1-1200x900.jpg 1200w\" sizes=\"(max-width: 709px) 85vw, (max-width: 909px) 67vw, (max-width: 1362px) 62vw, 840px\" \/><\/figure>\n\n\n\n<figure class=\"wp-block-image size-full\"><img decoding=\"async\" loading=\"lazy\" width=\"663\" height=\"663\" src=\"https:\/\/labovilleurbanne.fr\/blog\/wp-content\/uploads\/2023\/06\/Local.jpg\" alt=\"\" class=\"wp-image-1976\" srcset=\"https:\/\/labovilleurbanne.fr\/blog\/wp-content\/uploads\/2023\/06\/Local.jpg 663w, https:\/\/labovilleurbanne.fr\/blog\/wp-content\/uploads\/2023\/06\/Local-400x400.jpg 400w\" sizes=\"(max-width: 663px) 85vw, 663px\" \/><\/figure>\n\n\n\n<figure class=\"wp-block-image size-large\"><img decoding=\"async\" loading=\"lazy\" width=\"1024\" height=\"768\" src=\"https:\/\/labovilleurbanne.fr\/blog\/wp-content\/uploads\/2023\/05\/IMG_20220223_180409-1024x768.jpg\" alt=\"\" class=\"wp-image-1358\" srcset=\"https:\/\/labovilleurbanne.fr\/blog\/wp-content\/uploads\/2023\/05\/IMG_20220223_180409-1024x768.jpg 1024w, https:\/\/labovilleurbanne.fr\/blog\/wp-content\/uploads\/2023\/05\/IMG_20220223_180409-700x525.jpg 700w, https:\/\/labovilleurbanne.fr\/blog\/wp-content\/uploads\/2023\/05\/IMG_20220223_180409-768x576.jpg 768w, https:\/\/labovilleurbanne.fr\/blog\/wp-content\/uploads\/2023\/05\/IMG_20220223_180409-1536x1152.jpg 1536w, https:\/\/labovilleurbanne.fr\/blog\/wp-content\/uploads\/2023\/05\/IMG_20220223_180409-2048x1536.jpg 2048w, https:\/\/labovilleurbanne.fr\/blog\/wp-content\/uploads\/2023\/05\/IMG_20220223_180409-1200x900.jpg 1200w\" sizes=\"(max-width: 709px) 85vw, (max-width: 909px) 67vw, (max-width: 1362px) 62vw, 840px\" \/><\/figure>\n\n\n\n<figure class=\"wp-block-image size-large\"><img decoding=\"async\" loading=\"lazy\" width=\"1024\" height=\"788\" src=\"https:\/\/labovilleurbanne.fr\/blog\/wp-content\/uploads\/2023\/05\/IMG_20220228_214858_MOD-1024x788.jpg\" alt=\"\" class=\"wp-image-1360\" srcset=\"https:\/\/labovilleurbanne.fr\/blog\/wp-content\/uploads\/2023\/05\/IMG_20220228_214858_MOD-1024x788.jpg 1024w, https:\/\/labovilleurbanne.fr\/blog\/wp-content\/uploads\/2023\/05\/IMG_20220228_214858_MOD-700x539.jpg 700w, https:\/\/labovilleurbanne.fr\/blog\/wp-content\/uploads\/2023\/05\/IMG_20220228_214858_MOD-768x591.jpg 768w, https:\/\/labovilleurbanne.fr\/blog\/wp-content\/uploads\/2023\/05\/IMG_20220228_214858_MOD-1536x1182.jpg 1536w, https:\/\/labovilleurbanne.fr\/blog\/wp-content\/uploads\/2023\/05\/IMG_20220228_214858_MOD-2048x1576.jpg 2048w, https:\/\/labovilleurbanne.fr\/blog\/wp-content\/uploads\/2023\/05\/IMG_20220228_214858_MOD-1200x924.jpg 1200w\" sizes=\"(max-width: 709px) 85vw, (max-width: 909px) 67vw, (max-width: 1362px) 62vw, 840px\" \/><\/figure>\n<\/div>\n<\/div>\n<\/div><\/div>\n\n\n\n<div style=\"height:90px\" aria-hidden=\"true\" class=\"wp-block-spacer\"><\/div>\n\n\n\n<p>Cette page est en grande partie compos\u00e9e d&rsquo;extraits des <a rel=\"noreferrer noopener\" href=\"https:\/\/labovilleurbanne.fr\/blog\/wp-content\/uploads\/2017\/02\/2015-07-17-Statuts-de-l%E2%80%99association-Laboratoire-ouvert-villeurbannais.pdf\" target=\"_blank\">statuts de l&rsquo;association Laboratoire Ouvert Villeurbannais<\/a><\/p>","protected":false},"excerpt":{"rendered":"<p>Les objectifs de notre association Lieu de vie Offrir aux membres du LOV un espace de travail et des ressources communes, destin\u00e9s \u00e0 la r\u00e9alisation de projets collectifs ayant une composante scientifique ou technologique Transmettre Favoriser la transmission des savoirs et des savoir-faires scientifiques et technologiques, notamment en publiant le travail des participants sur les &hellip; <a href=\"https:\/\/labovilleurbanne.fr\/blog\/qui\/\" class=\"more-link\">Continuer la lecture<span class=\"screen-reader-text\"> de &laquo;&nbsp;Qui sommes nous&nbsp;?&nbsp;&raquo;<\/span><\/a><\/p>","protected":false},"author":11,"featured_media":0,"parent":0,"menu_order":1,"comment_status":"closed","ping_status":"closed","template":"","meta":[],"yoast_head":"<!-- This site is optimized with the Yoast SEO plugin v21.1 - https:\/\/yoast.com\/wordpress\/plugins\/seo\/ -->\n<title>Qui sommes nous ? - LABORATOIRE OUVERT VILLEURBANNAIS<\/title>\n<meta name=\"description\" content=\"D\u00e9couvrir les valeurs partag\u00e9es par les membres du Laboratoire ouvert villeurbannais (LOV) et l&#039;organisation spatiale de notre Tiers-Lieu.\" \/>\n<meta name=\"robots\" content=\"index, follow, max-snippet:-1, max-image-preview:large, max-video-preview:-1\" \/>\n<link rel=\"canonical\" href=\"https:\/\/labovilleurbanne.fr\/blog\/qui\/\" \/>\n<meta property=\"og:locale\" content=\"fr_FR\" \/>\n<meta property=\"og:type\" content=\"article\" \/>\n<meta property=\"og:title\" content=\"Qui sommes nous ? - LABORATOIRE OUVERT VILLEURBANNAIS\" \/>\n<meta property=\"og:description\" content=\"D\u00e9couvrir les valeurs partag\u00e9es par les membres du Laboratoire ouvert villeurbannais (LOV) et l&#039;organisation spatiale de notre Tiers-Lieu.\" \/>\n<meta property=\"og:url\" content=\"https:\/\/labovilleurbanne.fr\/blog\/qui\/\" \/>\n<meta property=\"og:site_name\" content=\"LABORATOIRE OUVERT VILLEURBANNAIS\" \/>\n<meta property=\"article:publisher\" content=\"https:\/\/www.facebook.com\/labolov\" \/>\n<meta property=\"article:modified_time\" content=\"2023-07-19T13:54:15+00:00\" \/>\n<meta property=\"og:image\" content=\"https:\/\/labovilleurbanne.fr\/blog\/wp-content\/uploads\/2023\/02\/Banderolle_MOD.png\" \/>\n<meta name=\"twitter:card\" content=\"summary_large_image\" \/>\n<meta name=\"twitter:label1\" content=\"Dur\u00e9e de lecture estim\u00e9e\" \/>\n\t<meta name=\"twitter:data1\" content=\"4 minutes\" \/>\n<script type=\"application\/ld+json\" class=\"yoast-schema-graph\">{\"@context\":\"https:\/\/schema.org\",\"@graph\":[{\"@type\":\"WebPage\",\"@id\":\"https:\/\/labovilleurbanne.fr\/blog\/qui\/\",\"url\":\"https:\/\/labovilleurbanne.fr\/blog\/qui\/\",\"name\":\"Qui sommes nous ? - LABORATOIRE OUVERT VILLEURBANNAIS\",\"isPartOf\":{\"@id\":\"https:\/\/labovilleurbanne.fr\/blog\/#website\"},\"datePublished\":\"2015-07-17T18:00:10+00:00\",\"dateModified\":\"2023-07-19T13:54:15+00:00\",\"description\":\"D\u00e9couvrir les valeurs partag\u00e9es par les membres du Laboratoire ouvert villeurbannais (LOV) et l'organisation spatiale de notre Tiers-Lieu.\",\"breadcrumb\":{\"@id\":\"https:\/\/labovilleurbanne.fr\/blog\/qui\/#breadcrumb\"},\"inLanguage\":\"fr-FR\",\"potentialAction\":[{\"@type\":\"ReadAction\",\"target\":[\"https:\/\/labovilleurbanne.fr\/blog\/qui\/\"]}]},{\"@type\":\"BreadcrumbList\",\"@id\":\"https:\/\/labovilleurbanne.fr\/blog\/qui\/#breadcrumb\",\"itemListElement\":[{\"@type\":\"ListItem\",\"position\":1,\"name\":\"Accueil\",\"item\":\"https:\/\/labovilleurbanne.fr\/blog\/\"},{\"@type\":\"ListItem\",\"position\":2,\"name\":\"Qui sommes nous&nbsp;?\"}]},{\"@type\":\"WebSite\",\"@id\":\"https:\/\/labovilleurbanne.fr\/blog\/#website\",\"url\":\"https:\/\/labovilleurbanne.fr\/blog\/\",\"name\":\"LABORATOIRE OUVERT VILLEURBANNAIS\",\"description\":\"\",\"publisher\":{\"@id\":\"https:\/\/labovilleurbanne.fr\/blog\/#organization\"},\"potentialAction\":[{\"@type\":\"SearchAction\",\"target\":{\"@type\":\"EntryPoint\",\"urlTemplate\":\"https:\/\/labovilleurbanne.fr\/blog\/?s={search_term_string}\"},\"query-input\":\"required name=search_term_string\"}],\"inLanguage\":\"fr-FR\"},{\"@type\":\"Organization\",\"@id\":\"https:\/\/labovilleurbanne.fr\/blog\/#organization\",\"name\":\"LABORATOIRE OUVERT VILLEURBANNAIS\",\"url\":\"https:\/\/labovilleurbanne.fr\/blog\/\",\"logo\":{\"@type\":\"ImageObject\",\"inLanguage\":\"fr-FR\",\"@id\":\"https:\/\/labovilleurbanne.fr\/blog\/#\/schema\/logo\/image\/\",\"url\":\"https:\/\/labovilleurbanne.fr\/blog\/wp-content\/uploads\/2023\/09\/cropped-logo.png\",\"contentUrl\":\"https:\/\/labovilleurbanne.fr\/blog\/wp-content\/uploads\/2023\/09\/cropped-logo.png\",\"width\":240,\"height\":240,\"caption\":\"LABORATOIRE OUVERT VILLEURBANNAIS\"},\"image\":{\"@id\":\"https:\/\/labovilleurbanne.fr\/blog\/#\/schema\/logo\/image\/\"},\"sameAs\":[\"https:\/\/www.facebook.com\/labolov\",\"https:\/\/framateam.org\/labolov\"]}]}<\/script>\n<!-- \/ Yoast SEO plugin. -->","yoast_head_json":{"title":"Qui sommes nous ? - LABORATOIRE OUVERT VILLEURBANNAIS","description":"D\u00e9couvrir les valeurs partag\u00e9es par les membres du Laboratoire ouvert villeurbannais (LOV) et l'organisation spatiale de notre Tiers-Lieu.","robots":{"index":"index","follow":"follow","max-snippet":"max-snippet:-1","max-image-preview":"max-image-preview:large","max-video-preview":"max-video-preview:-1"},"canonical":"https:\/\/labovilleurbanne.fr\/blog\/qui\/","og_locale":"fr_FR","og_type":"article","og_title":"Qui sommes nous ? - LABORATOIRE OUVERT VILLEURBANNAIS","og_description":"D\u00e9couvrir les valeurs partag\u00e9es par les membres du Laboratoire ouvert villeurbannais (LOV) et l'organisation spatiale de notre Tiers-Lieu.","og_url":"https:\/\/labovilleurbanne.fr\/blog\/qui\/","og_site_name":"LABORATOIRE OUVERT VILLEURBANNAIS","article_publisher":"https:\/\/www.facebook.com\/labolov","article_modified_time":"2023-07-19T13:54:15+00:00","og_image":[{"url":"https:\/\/labovilleurbanne.fr\/blog\/wp-content\/uploads\/2023\/02\/Banderolle_MOD.png"}],"twitter_card":"summary_large_image","twitter_misc":{"Dur\u00e9e de lecture estim\u00e9e":"4 minutes"},"schema":{"@context":"https:\/\/schema.org","@graph":[{"@type":"WebPage","@id":"https:\/\/labovilleurbanne.fr\/blog\/qui\/","url":"https:\/\/labovilleurbanne.fr\/blog\/qui\/","name":"Qui sommes nous ? - LABORATOIRE OUVERT VILLEURBANNAIS","isPartOf":{"@id":"https:\/\/labovilleurbanne.fr\/blog\/#website"},"datePublished":"2015-07-17T18:00:10+00:00","dateModified":"2023-07-19T13:54:15+00:00","description":"D\u00e9couvrir les valeurs partag\u00e9es par les membres du Laboratoire ouvert villeurbannais (LOV) et l'organisation spatiale de notre Tiers-Lieu.","breadcrumb":{"@id":"https:\/\/labovilleurbanne.fr\/blog\/qui\/#breadcrumb"},"inLanguage":"fr-FR","potentialAction":[{"@type":"ReadAction","target":["https:\/\/labovilleurbanne.fr\/blog\/qui\/"]}]},{"@type":"BreadcrumbList","@id":"https:\/\/labovilleurbanne.fr\/blog\/qui\/#breadcrumb","itemListElement":[{"@type":"ListItem","position":1,"name":"Accueil","item":"https:\/\/labovilleurbanne.fr\/blog\/"},{"@type":"ListItem","position":2,"name":"Qui sommes nous&nbsp;?"}]},{"@type":"WebSite","@id":"https:\/\/labovilleurbanne.fr\/blog\/#website","url":"https:\/\/labovilleurbanne.fr\/blog\/","name":"LABORATOIRE OUVERT VILLEURBANNAIS","description":"","publisher":{"@id":"https:\/\/labovilleurbanne.fr\/blog\/#organization"},"potentialAction":[{"@type":"SearchAction","target":{"@type":"EntryPoint","urlTemplate":"https:\/\/labovilleurbanne.fr\/blog\/?s={search_term_string}"},"query-input":"required name=search_term_string"}],"inLanguage":"fr-FR"},{"@type":"Organization","@id":"https:\/\/labovilleurbanne.fr\/blog\/#organization","name":"LABORATOIRE OUVERT VILLEURBANNAIS","url":"https:\/\/labovilleurbanne.fr\/blog\/","logo":{"@type":"ImageObject","inLanguage":"fr-FR","@id":"https:\/\/labovilleurbanne.fr\/blog\/#\/schema\/logo\/image\/","url":"https:\/\/labovilleurbanne.fr\/blog\/wp-content\/uploads\/2023\/09\/cropped-logo.png","contentUrl":"https:\/\/labovilleurbanne.fr\/blog\/wp-content\/uploads\/2023\/09\/cropped-logo.png","width":240,"height":240,"caption":"LABORATOIRE OUVERT VILLEURBANNAIS"},"image":{"@id":"https:\/\/labovilleurbanne.fr\/blog\/#\/schema\/logo\/image\/"},"sameAs":["https:\/\/www.facebook.com\/labolov","https:\/\/framateam.org\/labolov"]}]}},"_links":{"self":[{"href":"https:\/\/labovilleurbanne.fr\/blog\/wp-json\/wp\/v2\/pages\/37"}],"collection":[{"href":"https:\/\/labovilleurbanne.fr\/blog\/wp-json\/wp\/v2\/pages"}],"about":[{"href":"https:\/\/labovilleurbanne.fr\/blog\/wp-json\/wp\/v2\/types\/page"}],"author":[{"embeddable":true,"href":"https:\/\/labovilleurbanne.fr\/blog\/wp-json\/wp\/v2\/users\/11"}],"replies":[{"embeddable":true,"href":"https:\/\/labovilleurbanne.fr\/blog\/wp-json\/wp\/v2\/comments?post=37"}],"version-history":[{"count":95,"href":"https:\/\/labovilleurbanne.fr\/blog\/wp-json\/wp\/v2\/pages\/37\/revisions"}],"predecessor-version":[{"id":2645,"href":"https:\/\/labovilleurbanne.fr\/blog\/wp-json\/wp\/v2\/pages\/37\/revisions\/2645"}],"wp:attachment":[{"href":"https:\/\/labovilleurbanne.fr\/blog\/wp-json\/wp\/v2\/media?parent=37"}],"curies":[{"name":"wp","href":"https:\/\/api.w.org\/{rel}","templated":true}]}}